{"id":302,"date":"2021-09-24T15:25:58","date_gmt":"2021-09-24T15:25:58","guid":{"rendered":"http:\/\/teszt.cool-media.ro\/?page_id=302"},"modified":"2022-03-26T04:21:07","modified_gmt":"2022-03-26T04:21:07","slug":"billboard","status":"publish","type":"page","link":"https:\/\/cool-media.ro\/ro\/billboard\/","title":{"rendered":"Prizma"},"content":{"rendered":"<p>[et_pb_section fb_built=&#8221;1&#8243; _builder_version=&#8221;4.10.5&#8243; _module_preset=&#8221;default&#8221; background_image=&#8221;http:\/\/cool-media.ro\/wp-content\/uploads\/2021\/09\/triangle-mosaic.png&#8221; background_size=&#8221;initial&#8221; background_repeat=&#8221;repeat&#8221; global_colors_info=&#8221;{}&#8221;][et_pb_row _builder_version=&#8221;4.10.5&#8243; _module_preset=&#8221;default&#8221; global_colors_info=&#8221;{}&#8221;][et_pb_column type=&#8221;4_4&#8243; _builder_version=&#8221;4.10.5&#8243; _module_preset=&#8221;default&#8221; global_colors_info=&#8221;{}&#8221;][et_pb_text _builder_version=&#8221;4.10.5&#8243; _module_preset=&#8221;default&#8221; header_font=&#8221;Poppins|800|on||||||&#8221; header_text_align=&#8221;left&#8221; header_text_color=&#8221;#E02B20&#8243; header_font_size=&#8221;60px&#8221; header_3_font=&#8221;Poppins|700|on||||||&#8221; header_3_text_color=&#8221;#db1e54&#8243; global_colors_info=&#8221;{}&#8221;]<\/p>\n<h1>Suprafe\u021be uria\u0219e<\/h1>\n<h3>Odorheiu Secuiesc<\/h3>\n<p>[\/et_pb_text][\/et_pb_column][\/et_pb_row][et_pb_row column_structure=&#8221;1_5,1_5,1_5,1_5,1_5&#8243; make_equal=&#8221;on&#8221; _builder_version=&#8221;4.10.5&#8243; _module_preset=&#8221;default&#8221; global_colors_info=&#8221;{}&#8221;][et_pb_column type=&#8221;1_5&#8243; _builder_version=&#8221;4.10.5&#8243; _module_preset=&#8221;default&#8221; global_colors_info=&#8221;{}&#8221;][et_pb_button button_url=&#8221;\/spatii-publicitare-a0&#8243; button_text=&#8221;OSZLOPOS PAN\u00d3K SZ\u00c9KELYUDVARHELY&#8221; button_alignment=&#8221;center&#8221; _builder_version=&#8221;4.10.5&#8243; _module_preset=&#8221;default&#8221; custom_button=&#8221;on&#8221; button_text_size=&#8221;15px&#8221; button_text_color=&#8221;#FFFFFF&#8221; button_bg_color=&#8221;#E09900&#8243; button_border_color=&#8221;#fcc500&#8243; button_font=&#8221;Poppins|800|||||||&#8221; background_layout=&#8221;dark&#8221; global_colors_info=&#8221;{}&#8221;][\/et_pb_button][\/et_pb_column][et_pb_column type=&#8221;1_5&#8243; _builder_version=&#8221;4.10.5&#8243; _module_preset=&#8221;default&#8221; global_colors_info=&#8221;{}&#8221;][et_pb_button button_url=&#8221;\/mciuc&#8221; button_text=&#8221;CS\u00cdKSZEREDAI REKL\u00c1MFEL\u00dcLETEK&#8221; button_alignment=&#8221;center&#8221; _builder_version=&#8221;4.10.5&#8243; _module_preset=&#8221;default&#8221; custom_button=&#8221;on&#8221; button_text_size=&#8221;15px&#8221; button_text_color=&#8221;#FFFFFF&#8221; button_bg_color=&#8221;#0C71C3&#8243; button_border_color=&#8221;#5b9ce5&#8243; button_font=&#8221;Poppins|800|||||||&#8221; background_layout=&#8221;dark&#8221; global_colors_info=&#8221;{}&#8221;][\/et_pb_button][\/et_pb_column][et_pb_column type=&#8221;1_5&#8243; _builder_version=&#8221;4.10.5&#8243; _module_preset=&#8221;default&#8221; global_colors_info=&#8221;{}&#8221;][et_pb_button button_url=&#8221;\/cristurusecuiesc&#8221; button_text=&#8221;SZ\u00c9KELYKERESZT\u00daRI REKL\u00c1MFEL\u00dcLETEK&#8221; button_alignment=&#8221;center&#8221; _builder_version=&#8221;4.10.5&#8243; _module_preset=&#8221;default&#8221; custom_button=&#8221;on&#8221; button_text_size=&#8221;15px&#8221; button_text_color=&#8221;#FFFFFF&#8221; button_bg_color=&#8221;#00bc9d&#8221; button_border_color=&#8221;#099e85&#8243; button_font=&#8221;Poppins|800|||||||&#8221; background_layout=&#8221;dark&#8221; global_colors_info=&#8221;{}&#8221;][\/et_pb_button][\/et_pb_column][et_pb_column type=&#8221;1_5&#8243; _builder_version=&#8221;4.10.5&#8243; _module_preset=&#8221;default&#8221; global_colors_info=&#8221;{}&#8221;][et_pb_button button_url=&#8221;\/sibiu-2&#8243; button_text=&#8221;SZEBEN MEGYEI REKL\u00c1MFEL\u00dcLETEK&#8221; button_alignment=&#8221;center&#8221; _builder_version=&#8221;4.10.5&#8243; _module_preset=&#8221;default&#8221; custom_button=&#8221;on&#8221; button_text_size=&#8221;15px&#8221; button_text_color=&#8221;#FFFFFF&#8221; button_bg_color=&#8221;#00a4ba&#8221; button_border_color=&#8221;#00c7ea&#8221; button_font=&#8221;Poppins|800|||||||&#8221; background_layout=&#8221;dark&#8221; global_colors_info=&#8221;{}&#8221;][\/et_pb_button][\/et_pb_column][et_pb_column type=&#8221;1_5&#8243; _builder_version=&#8221;4.10.5&#8243; _module_preset=&#8221;default&#8221; global_colors_info=&#8221;{}&#8221;][et_pb_button button_url=&#8221;\/mures&#8221; button_text=&#8221;MAROS MEGYEI REKL\u00c1MFEL\u00dcLETEK&#8221; button_alignment=&#8221;center&#8221; _builder_version=&#8221;4.10.5&#8243; _module_preset=&#8221;default&#8221; custom_button=&#8221;on&#8221; button_text_size=&#8221;15px&#8221; button_text_color=&#8221;#FFFFFF&#8221; button_bg_color=&#8221;#ed0056&#8243; button_border_color=&#8221;#f762aa&#8221; button_font=&#8221;Poppins|800|||||||&#8221; background_layout=&#8221;dark&#8221; global_colors_info=&#8221;{}&#8221;][\/et_pb_button][\/et_pb_column][\/et_pb_row][et_pb_row column_structure=&#8221;3_5,2_5&#8243; _builder_version=&#8221;4.10.5&#8243; _module_preset=&#8221;default&#8221; global_colors_info=&#8221;{}&#8221;][et_pb_column type=&#8221;3_5&#8243; _builder_version=&#8221;4.10.5&#8243; _module_preset=&#8221;default&#8221; global_colors_info=&#8221;{}&#8221;][et_pb_text _builder_version=&#8221;4.10.5&#8243; _module_preset=&#8221;default&#8221; text_font=&#8221;Poppins|800|||||||&#8221; header_font=&#8221;Poppins|800|on||||||&#8221; header_3_text_color=&#8221;#0C71C3&#8243; header_3_font_size=&#8221;15px&#8221; header_5_font=&#8221;Poppins|700|on||||||&#8221; header_5_text_color=&#8221;#0C71C3&#8243; global_colors_info=&#8221;{}&#8221;]<\/p>\n<h1>PANOU PUBLICITAR PRISMA 1<\/h1>\n<h5>Strada Bethlen G\u00e1bor nr. 72. - ZONA CENTRAL\u0102<br \/>(Odorheiu Secuiesc)<\/h5>\n<h3>De \u00eenchiriat: <em>Disponibil<\/em><\/h3>\n<p>[\/et_pb_text][wdcl_image_carousel autoplay_speed=&#8221;1500ms&#8221; use_lightbox=&#8221;on&#8221; _builder_version=&#8221;4.10.5&#8243; _module_preset=&#8221;default&#8221; global_colors_info=&#8221;{}&#8221;][wdcl_image_carousel_child photo=&#8221;http:\/\/cool-media.ro\/wp-content\/uploads\/2021\/09\/Rend05.jpg&#8221; image_hover_animation=&#8221;zoom-in&#8221; _builder_version=&#8221;4.10.5&#8243; _module_preset=&#8221;default&#8221; global_colors_info=&#8221;{}&#8221;][\/wdcl_image_carousel_child][wdcl_image_carousel_child photo=&#8221;http:\/\/cool-media.ro\/wp-content\/uploads\/2021\/09\/Rend04.jpg&#8221; _builder_version=&#8221;4.10.5&#8243; _module_preset=&#8221;default&#8221; global_colors_info=&#8221;{}&#8221;][\/wdcl_image_carousel_child][wdcl_image_carousel_child photo=&#8221;http:\/\/cool-media.ro\/wp-content\/uploads\/2021\/09\/Rend03.jpg&#8221; _builder_version=&#8221;4.10.5&#8243; _module_preset=&#8221;default&#8221; global_colors_info=&#8221;{}&#8221;][\/wdcl_image_carousel_child][wdcl_image_carousel_child photo=&#8221;http:\/\/cool-media.ro\/wp-content\/uploads\/2021\/09\/Rend02.jpg&#8221; _builder_version=&#8221;4.10.5&#8243; _module_preset=&#8221;default&#8221; global_colors_info=&#8221;{}&#8221;][\/wdcl_image_carousel_child][wdcl_image_carousel_child photo=&#8221;http:\/\/cool-media.ro\/wp-content\/uploads\/2021\/09\/Rend01.jpg&#8221; _builder_version=&#8221;4.10.5&#8243; _module_preset=&#8221;default&#8221; global_colors_info=&#8221;{}&#8221;][\/wdcl_image_carousel_child][\/wdcl_image_carousel][et_pb_text _builder_version=&#8221;4.10.5&#8243; _module_preset=&#8221;default&#8221; text_font=&#8221;Poppins||||||||&#8221; text_text_color=&#8221;#000000&#8243; global_colors_info=&#8221;{}&#8221;]<\/p>\n<p>Date tehnice:<br \/>\u2022 Dimensiune: <span>505 X 250 cm<\/span><br \/>\u2022 Panou publicitar PRISMA de \u00eenchiriat, suprafa\u021b\u0103 publicitar\u0103 rotativ\u0103 cu trei suprafe\u021be<\/p>\n<p>Suprafa\u021b\u0103 premium amplasat\u0103 pe o cl\u0103dire \u00eenvecinat\u0103 cu Sec\u021bia de Poli\u021bie din Odorheiu Secuiesc, \u00een imediata apropiere a unui centru comercial, a unei intersec\u021bii cu semafoare \u0219i a spitalului municipal. Zona central\u0103, vizibil\u0103 dinspre ie\u0219irea din centrul ora\u0219ului.<\/p>\n<p>&nbsp;<\/p>\n<p>[\/et_pb_text][\/et_pb_column][et_pb_column type=&#8221;2_5&#8243; _builder_version=&#8221;4.10.5&#8243; _module_preset=&#8221;default&#8221; global_colors_info=&#8221;{}&#8221;][et_pb_code _builder_version=&#8221;4.10.5&#8243; _module_preset=&#8221;default&#8221; global_colors_info=&#8221;{}&#8221;]<iframe src=\"https:\/\/www.google.com\/maps\/embed?pb=!4v1632496694957!6m8!1m7!1siBOdXOWAsFS9ey6zqyp7sw!2m2!1d46.3088334200143!2d25.30007778980267!3f3.511420395945162!4f0.6064884766282717!5f0.7820865974627469\" width=\"100%\" height=\"450\" style=\"border:0;\" allowfullscreen=\"\" loading=\"lazy\"><\/iframe>[\/et_pb_code][\/et_pb_column][\/et_pb_row][et_pb_row column_structure=&#8221;3_5,2_5&#8243; _builder_version=&#8221;4.10.5&#8243; _module_preset=&#8221;default&#8221; global_colors_info=&#8221;{}&#8221;][et_pb_column type=&#8221;3_5&#8243; _builder_version=&#8221;4.10.5&#8243; _module_preset=&#8221;default&#8221; global_colors_info=&#8221;{}&#8221;][et_pb_text _builder_version=&#8221;4.10.5&#8243; _module_preset=&#8221;default&#8221; header_font=&#8221;Poppins|800|on||||||&#8221; header_3_font=&#8221;Poppins||||||||&#8221; header_3_text_color=&#8221;#E02B20&#8243; header_3_font_size=&#8221;15px&#8221; header_5_font=&#8221;Poppins|600|on||||||&#8221; header_5_text_color=&#8221;#0C71C3&#8243; global_colors_info=&#8221;{}&#8221;]<\/p>\n<h1 style=\"text-align: left;\">PANOU PUBLICITAR PRISMA 2<\/h1>\n<h5 style=\"text-align: left;\">Strada Bethlen G\u00e1bor nr. 55. - ZONA CENTRAL\u0102<br \/>(Odorheiu Secuiesc)<\/h5>\n<h3>De \u00eenchiriat: <em>de la 05.01.2022<\/em><\/h3>\n<p>[\/et_pb_text][wdcl_image_carousel autoplay_speed=&#8221;1500ms&#8221; use_lightbox=&#8221;on&#8221; _builder_version=&#8221;4.10.5&#8243; _module_preset=&#8221;default&#8221; global_colors_info=&#8221;{}&#8221;][wdcl_image_carousel_child photo=&#8221;http:\/\/cool-media.ro\/wp-content\/uploads\/2021\/09\/RendMogott-06.jpg&#8221; _builder_version=&#8221;4.10.5&#8243; _module_preset=&#8221;default&#8221; global_colors_info=&#8221;{}&#8221;][\/wdcl_image_carousel_child][wdcl_image_carousel_child photo=&#8221;http:\/\/cool-media.ro\/wp-content\/uploads\/2021\/09\/RendMogott-05.jpg&#8221; _builder_version=&#8221;4.10.5&#8243; _module_preset=&#8221;default&#8221; global_colors_info=&#8221;{}&#8221;][\/wdcl_image_carousel_child][wdcl_image_carousel_child photo=&#8221;http:\/\/cool-media.ro\/wp-content\/uploads\/2021\/09\/RendMogott-04.jpg&#8221; _builder_version=&#8221;4.10.5&#8243; _module_preset=&#8221;default&#8221; global_colors_info=&#8221;{}&#8221;][\/wdcl_image_carousel_child][wdcl_image_carousel_child photo=&#8221;http:\/\/cool-media.ro\/wp-content\/uploads\/2021\/09\/RendMogott-03.jpg&#8221; _builder_version=&#8221;4.10.5&#8243; _module_preset=&#8221;default&#8221; global_colors_info=&#8221;{}&#8221;][\/wdcl_image_carousel_child][wdcl_image_carousel_child photo=&#8221;http:\/\/cool-media.ro\/wp-content\/uploads\/2021\/09\/RendMogott-02.jpg&#8221; _builder_version=&#8221;4.10.5&#8243; _module_preset=&#8221;default&#8221; global_colors_info=&#8221;{}&#8221;][\/wdcl_image_carousel_child][wdcl_image_carousel_child photo=&#8221;http:\/\/cool-media.ro\/wp-content\/uploads\/2021\/09\/RendMogott-01.jpg&#8221; _builder_version=&#8221;4.10.5&#8243; _module_preset=&#8221;default&#8221; global_colors_info=&#8221;{}&#8221;][\/wdcl_image_carousel_child][wdcl_image_carousel_child photo=&#8221;http:\/\/cool-media.ro\/wp-content\/uploads\/2021\/10\/utan4.jpg&#8221; _builder_version=&#8221;4.10.5&#8243; _module_preset=&#8221;default&#8221; global_colors_info=&#8221;{}&#8221;][\/wdcl_image_carousel_child][wdcl_image_carousel_child photo=&#8221;http:\/\/cool-media.ro\/wp-content\/uploads\/2021\/10\/utan3.jpg&#8221; _builder_version=&#8221;4.10.5&#8243; _module_preset=&#8221;default&#8221; global_colors_info=&#8221;{}&#8221;][\/wdcl_image_carousel_child][wdcl_image_carousel_child photo=&#8221;http:\/\/cool-media.ro\/wp-content\/uploads\/2021\/10\/utan2.jpg&#8221; _builder_version=&#8221;4.10.5&#8243; _module_preset=&#8221;default&#8221; global_colors_info=&#8221;{}&#8221;][\/wdcl_image_carousel_child][wdcl_image_carousel_child photo=&#8221;http:\/\/cool-media.ro\/wp-content\/uploads\/2021\/10\/utan1.jpg&#8221; _builder_version=&#8221;4.10.5&#8243; _module_preset=&#8221;default&#8221; global_colors_info=&#8221;{}&#8221;][\/wdcl_image_carousel_child][\/wdcl_image_carousel][et_pb_text _builder_version=&#8221;4.10.5&#8243; _module_preset=&#8221;default&#8221; text_font=&#8221;Poppins||||||||&#8221; text_text_color=&#8221;#000000&#8243; global_colors_info=&#8221;{}&#8221;]<\/p>\n<p>Date tehnice:<br \/>\u2022 Dimensiune: <span>505 X 250 cm<\/span><br \/>\u2022 Panou publicitar PRISMA de \u00eenchiriat, suprafa\u021b\u0103 publicitar\u0103 rotativ\u0103 cu trei suprafe\u021be<\/p>\n<p>Suprafa\u021b\u0103 premium amplasat\u0103 pe o cl\u0103dire \u00eenvecinat\u0103 cu Sec\u021bia de Poli\u021bie din Odorheiu Secuiesc, \u00een imediata apropiere a unui centru comercial, a unei intersec\u021bii cu semafoare \u0219i a spitalului municipal. Zona central\u0103, vizibil\u0103 cum v\u0103 \u00eendrepta\u021bi spre centrul ora\u0219ului.<\/p>\n<p>&nbsp;<\/p>\n<p>[\/et_pb_text][\/et_pb_column][et_pb_column type=&#8221;2_5&#8243; _builder_version=&#8221;4.10.5&#8243; _module_preset=&#8221;default&#8221; global_colors_info=&#8221;{}&#8221;][et_pb_code _builder_version=&#8221;4.10.5&#8243; _module_preset=&#8221;default&#8221; global_colors_info=&#8221;{}&#8221;]<iframe src=\"https:\/\/www.google.com\/maps\/embed?pb=!4v1632540641448!6m8!1m7!1ss7fhgLSrcFp7-dll5BVjJQ!2m2!1d46.3092849011686!2d25.30055090137467!3f259.98181639046345!4f1.602293529200665!5f0.7820865974627469\" width=\"100%\" height=\"450\" style=\"border:0;\" allowfullscreen=\"\" loading=\"lazy\"><\/iframe>[\/et_pb_code][\/et_pb_column][\/et_pb_row][et_pb_row column_structure=&#8221;3_5,2_5&#8243; _builder_version=&#8221;4.10.5&#8243; _module_preset=&#8221;default&#8221; global_colors_info=&#8221;{}&#8221;][et_pb_column type=&#8221;3_5&#8243; _builder_version=&#8221;4.10.5&#8243; _module_preset=&#8221;default&#8221; global_colors_info=&#8221;{}&#8221;][et_pb_text _builder_version=&#8221;4.10.5&#8243; _module_preset=&#8221;default&#8221; header_font=&#8221;Poppins|800|on||||||&#8221; header_3_font=&#8221;Poppins||||||||&#8221; header_3_text_color=&#8221;#0C71C3&#8243; header_3_font_size=&#8221;15px&#8221; header_5_font=&#8221;Poppins|600|on||||||&#8221; header_5_text_color=&#8221;#0C71C3&#8243; global_colors_info=&#8221;{}&#8221;]<\/p>\n<h1 style=\"text-align: left;\">PANOU PUBLICITAR PRISMA 3<\/h1>\n<h5 style=\"text-align: left;\">Strada Uzinei - ZONA CENTRAL\u0102\u00a0<br \/>(Odorheiu Secuiesc)<\/h5>\n<h3>De \u00eenchiriat: <em>Disponibil<\/em><\/h3>\n<p>[\/et_pb_text][wdcl_image_carousel autoplay_speed=&#8221;1500ms&#8221; use_lightbox=&#8221;on&#8221; _builder_version=&#8221;4.10.5&#8243; _module_preset=&#8221;default&#8221; global_colors_info=&#8221;{}&#8221;][wdcl_image_carousel_child photo=&#8221;http:\/\/cool-media.ro\/wp-content\/uploads\/2021\/09\/VtelepPr05.jpg&#8221; _builder_version=&#8221;4.10.5&#8243; _module_preset=&#8221;default&#8221; global_colors_info=&#8221;{}&#8221;][\/wdcl_image_carousel_child][wdcl_image_carousel_child photo=&#8221;http:\/\/cool-media.ro\/wp-content\/uploads\/2021\/09\/VtelepPr04.jpg&#8221; _builder_version=&#8221;4.10.5&#8243; _module_preset=&#8221;default&#8221; global_colors_info=&#8221;{}&#8221;][\/wdcl_image_carousel_child][wdcl_image_carousel_child photo=&#8221;http:\/\/cool-media.ro\/wp-content\/uploads\/2021\/09\/VtelepPr03.jpg&#8221; _builder_version=&#8221;4.10.5&#8243; _module_preset=&#8221;default&#8221; global_colors_info=&#8221;{}&#8221;][\/wdcl_image_carousel_child][wdcl_image_carousel_child photo=&#8221;http:\/\/cool-media.ro\/wp-content\/uploads\/2021\/09\/VtelepPr02.jpg&#8221; _builder_version=&#8221;4.10.5&#8243; _module_preset=&#8221;default&#8221; global_colors_info=&#8221;{}&#8221;][\/wdcl_image_carousel_child][wdcl_image_carousel_child photo=&#8221;http:\/\/cool-media.ro\/wp-content\/uploads\/2021\/09\/VtelepPr01.jpg&#8221; _builder_version=&#8221;4.10.5&#8243; _module_preset=&#8221;default&#8221; global_colors_info=&#8221;{}&#8221;][\/wdcl_image_carousel_child][\/wdcl_image_carousel][et_pb_text _builder_version=&#8221;4.10.5&#8243; _module_preset=&#8221;default&#8221; text_font=&#8221;Poppins||||||||&#8221; text_text_color=&#8221;#000000&#8243; global_colors_info=&#8221;{}&#8221;]<\/p>\n<p>Date tehnice:<br \/>\u2022 Dimensiune: <span>400 X 250 cm<\/span><br \/>\u2022 Panou publicitar PRISMA de \u00eenchiriat, suprafa\u021b\u0103 publicitar\u0103 rotativ\u0103 cu trei suprafe\u021be<br \/>\u2022 Zona este expus\u0103 traficului intens pe un drum cu sens unic spre centru<\/p>\n<p>Strada Uzinei fiind o strad\u0103 cu sens unic, \u00een direc\u021bia centrului, este inevitabil afectat\u0103 de ma\u0219ini, asigur\u00e2nd un trafic imens pentru aceast\u0103 suprafa\u021b\u0103 prioritar\u0103. \u00cen plus, prisma rotativ\u0103 cu trei suprafe\u021be este pozi\u021bionat\u0103 \u00een mijlocul celorlalte 5 suprafe\u021be publicitare.\u00a0<\/p>\n<p>&nbsp;<\/p>\n<p>[\/et_pb_text][\/et_pb_column][et_pb_column type=&#8221;2_5&#8243; _builder_version=&#8221;4.10.5&#8243; _module_preset=&#8221;default&#8221; global_colors_info=&#8221;{}&#8221;][et_pb_code _builder_version=&#8221;4.10.5&#8243; _module_preset=&#8221;default&#8221; global_colors_info=&#8221;{}&#8221;]<iframe src=\"https:\/\/www.google.com\/maps\/embed?pb=!4v1632624770119!6m8!1m7!1sZeDAzZETQI9_yH9DIZYg-w!2m2!1d46.30822812778038!2d25.29482425204563!3f310.80809435899675!4f15.755944744312117!5f0.7820865974627469\" width=\"100%\" height=\"450\" style=\"border:0;\" allowfullscreen=\"\" loading=\"lazy\"><\/iframe>[\/et_pb_code][\/et_pb_column][\/et_pb_row][et_pb_row column_structure=&#8221;3_5,2_5&#8243; _builder_version=&#8221;4.10.5&#8243; _module_preset=&#8221;default&#8221; global_colors_info=&#8221;{}&#8221;][et_pb_column type=&#8221;3_5&#8243; _builder_version=&#8221;4.10.5&#8243; _module_preset=&#8221;default&#8221; global_colors_info=&#8221;{}&#8221;][et_pb_text _builder_version=&#8221;4.10.5&#8243; _module_preset=&#8221;default&#8221; header_font=&#8221;Poppins|800|on||||||&#8221; header_3_font=&#8221;Poppins||||||||&#8221; header_3_text_color=&#8221;#0C71C3&#8243; header_3_font_size=&#8221;15px&#8221; header_5_font=&#8221;Poppins|600|on||||||&#8221; header_5_text_color=&#8221;#0C71C3&#8243; hover_enabled=&#8221;0&#8243; global_colors_info=&#8221;{}&#8221; sticky_enabled=&#8221;0&#8243;]<\/p>\n<h1 style=\"text-align: left;\">SUPRAFE\u021aE BILLBOARD \/ 5 buc.<\/h1>\n<h5 style=\"text-align: left;\">Strada Uzinei - ZONA CENTRAL\u0102<br \/>(Odorheiu Secuiesc)<\/h5>\n<h3 style=\"text-align: left;\">De \u00eenchiriat:<br \/><em>VT1 (st\u00e2nga sus)\u00a0 \u00a0 \u00a0\u00a0\u2013<\/em> <em>Ocupat<br \/>VT3 (dreapta sus)\u00a0 \u00a0\u2013 Disponibil<br \/>VT4 (st\u00e2nga jos)\u00a0 \u00a0      \u2013 Ocupat<br \/><\/em><em>VT5 (mijloc jos)          \u2013 Ocupat<br \/>VT6 (drapta jos)\u00a0 \u00a0 \u2013 Disponibil<br \/>VT7 (mijloc sus)        - Ocupat<\/em><\/h3>\n<p>[\/et_pb_text][wdcl_image_carousel autoplay_speed=&#8221;1500ms&#8221; use_lightbox=&#8221;on&#8221; _builder_version=&#8221;4.10.5&#8243; _module_preset=&#8221;default&#8221; global_colors_info=&#8221;{}&#8221;][wdcl_image_carousel_child photo=&#8221;http:\/\/cool-media.ro\/wp-content\/uploads\/2021\/09\/VillanytelepPano1.jpg&#8221; _builder_version=&#8221;4.10.5&#8243; _module_preset=&#8221;default&#8221; global_colors_info=&#8221;{}&#8221;][\/wdcl_image_carousel_child][wdcl_image_carousel_child photo=&#8221;http:\/\/cool-media.ro\/wp-content\/uploads\/2021\/09\/VtelepPr05.jpg&#8221; _builder_version=&#8221;4.10.5&#8243; _module_preset=&#8221;default&#8221; global_colors_info=&#8221;{}&#8221;][\/wdcl_image_carousel_child][wdcl_image_carousel_child photo=&#8221;http:\/\/cool-media.ro\/wp-content\/uploads\/2021\/09\/VtelepPr01.jpg&#8221; _builder_version=&#8221;4.10.5&#8243; _module_preset=&#8221;default&#8221; global_colors_info=&#8221;{}&#8221;][\/wdcl_image_carousel_child][\/wdcl_image_carousel][et_pb_text _builder_version=&#8221;4.10.5&#8243; _module_preset=&#8221;default&#8221; text_font=&#8221;Poppins||||||||&#8221; text_text_color=&#8221;#000000&#8243; global_colors_info=&#8221;{}&#8221;]<\/p>\n<p>Date tehnice:<br \/>\u2022 Dimensiune: VT1 \u2013 <span>400 X 250 cm \/\/ VT3 \u2013 400 X 250 cm \/\/ VT4 \u2013 400 X 250 cm \/\/ VT5 \u2013 400 X 250 cm \/\/ VT6 \u2013 400 X 250 cm<\/span><br \/>\u2022 Panouri publicitare BILLBOARD de \u00eenchiriat<br \/>\u2022 \u00cen direc\u021bia centrului, pe un drum cu sens unic, acestea sunt expuse traficului intens<\/p>\n<p>Strada Uzinei fiind o strad\u0103 cu sens unic, \u00een direc\u021bia centrului, este inevitabil afectat\u0103 de ma\u0219ini, asigur\u00e2nd un trafic imens pentru aceast\u0103 suprafa\u021b\u0103 prioritar\u0103. Avem aici 5 panouri publicitare, care \u00eenconjoar\u0103 \u0219i un panou publicitar prismatic.\u00a0 \u00a0\u00a0<\/p>\n<p>&nbsp;<\/p>\n<p>[\/et_pb_text][\/et_pb_column][et_pb_column type=&#8221;2_5&#8243; _builder_version=&#8221;4.10.5&#8243; _module_preset=&#8221;default&#8221; global_colors_info=&#8221;{}&#8221;][et_pb_code _builder_version=&#8221;4.10.5&#8243; _module_preset=&#8221;default&#8221; global_colors_info=&#8221;{}&#8221;]<iframe src=\"https:\/\/www.google.com\/maps\/embed?pb=!4v1632627711082!6m8!1m7!1sPYPcgGWGUL3riTK4kEv9QA!2m2!1d46.30821973089294!2d25.29477259874888!3f322.9170968807986!4f15.226417259472285!5f1.5076336196250009\" width=\"100%\" height=\"450\" style=\"border:0;\" allowfullscreen=\"\" loading=\"lazy\"><\/iframe>[\/et_pb_code][\/et_pb_column][\/et_pb_row][et_pb_row column_structure=&#8221;3_5,2_5&#8243; _builder_version=&#8221;4.10.5&#8243; _module_preset=&#8221;default&#8221; global_colors_info=&#8221;{}&#8221;][et_pb_column type=&#8221;3_5&#8243; _builder_version=&#8221;4.10.5&#8243; _module_preset=&#8221;default&#8221; global_colors_info=&#8221;{}&#8221;][et_pb_text _builder_version=&#8221;4.10.5&#8243; _module_preset=&#8221;default&#8221; header_font=&#8221;Poppins|800|on||||||&#8221; header_3_font=&#8221;Poppins||||||||&#8221; header_3_text_color=&#8221;#E02B20&#8243; header_3_font_size=&#8221;15px&#8221; header_5_font=&#8221;Poppins|600|on||||||&#8221; header_5_text_color=&#8221;#0C71C3&#8243; global_colors_info=&#8221;{}&#8221;]<\/p>\n<h1 style=\"text-align: left;\">BILLBOARD CU DOU\u0102 FE\u021aE 9.\u00a0<\/h1>\n<h5 style=\"text-align: left;\">Strada II R\u00e1k\u00f3czi Ferenc\u00a0<br \/>(Odorheiu Secuiesc)<\/h5>\n<h3>De \u00eenchiriat: Ocupat<em><\/em><em><\/em><\/h3>\n<p>[\/et_pb_text][wdcl_image_carousel autoplay_speed=&#8221;1500ms&#8221; use_lightbox=&#8221;on&#8221; _builder_version=&#8221;4.10.5&#8243; _module_preset=&#8221;default&#8221; global_colors_info=&#8221;{}&#8221;][wdcl_image_carousel_child photo=&#8221;http:\/\/cool-media.ro\/wp-content\/uploads\/2021\/09\/Rakoczi-odorest4.jpg&#8221; _builder_version=&#8221;4.10.5&#8243; _module_preset=&#8221;default&#8221; global_colors_info=&#8221;{}&#8221;][\/wdcl_image_carousel_child][wdcl_image_carousel_child photo=&#8221;http:\/\/cool-media.ro\/wp-content\/uploads\/2021\/09\/Rakoczi-odorest3.jpg&#8221; _builder_version=&#8221;4.10.5&#8243; _module_preset=&#8221;default&#8221; global_colors_info=&#8221;{}&#8221;][\/wdcl_image_carousel_child][wdcl_image_carousel_child photo=&#8221;http:\/\/cool-media.ro\/wp-content\/uploads\/2021\/09\/Rakoczi-odorest2.jpg&#8221; _builder_version=&#8221;4.10.5&#8243; _module_preset=&#8221;default&#8221; global_colors_info=&#8221;{}&#8221;][\/wdcl_image_carousel_child][wdcl_image_carousel_child photo=&#8221;http:\/\/cool-media.ro\/wp-content\/uploads\/2021\/09\/Rakoczi-odorest.jpg&#8221; _builder_version=&#8221;4.10.5&#8243; _module_preset=&#8221;default&#8221; global_colors_info=&#8221;{}&#8221;][\/wdcl_image_carousel_child][\/wdcl_image_carousel][et_pb_text _builder_version=&#8221;4.10.5&#8243; _module_preset=&#8221;default&#8221; text_font=&#8221;Poppins||||||||&#8221; text_text_color=&#8221;#000000&#8243; global_colors_info=&#8221;{}&#8221;]<\/p>\n<p>Date tehnice:<br \/>\u2022 Dimensiuni: RFA \u2013 500\u00d7250 \/\/ RFB \u2013 500\u00d7250<br \/>\u2022 De \u00eenchiriat panourile publicitare cu dou\u0103 fe\u021be<\/p>\n<p>Situat la intrarea \u00een ora\u0219 dinspre Feliceni, panoul cu dou\u0103 fe\u021be este \u00een mod inevitabil la vedere at\u00e2t la ie\u0219ire, c\u00e2t \u0219i la intrare. \u00a0 \u00a0\u00a0<\/p>\n<p>&nbsp;<\/p>\n<p>[\/et_pb_text][\/et_pb_column][et_pb_column type=&#8221;2_5&#8243; _builder_version=&#8221;4.10.5&#8243; _module_preset=&#8221;default&#8221; global_colors_info=&#8221;{}&#8221;][et_pb_code _builder_version=&#8221;4.10.5&#8243; _module_preset=&#8221;default&#8221; global_colors_info=&#8221;{}&#8221;]<iframe src=\"https:\/\/www.google.com\/maps\/embed?pb=!4v1632629641289!6m8!1m7!1sCAoSLEFGMVFpcE50RmhIaXNCUXF5b1hCOW9jMUNsZkJIT0lVWkF0eDRRb2dibmRL!2m2!1d46.29136585602986!2d25.28994382954684!3f334.60992154955017!4f2.4831074033494644!5f1.537424297470213\" width=\"100%\" height=\"450\" style=\"border:0;\" allowfullscreen=\"\" loading=\"lazy\"><\/iframe>[\/et_pb_code][\/et_pb_column][\/et_pb_row][et_pb_row column_structure=&#8221;3_5,2_5&#8243; _builder_version=&#8221;4.10.5&#8243; _module_preset=&#8221;default&#8221; global_colors_info=&#8221;{}&#8221;][et_pb_column type=&#8221;3_5&#8243; _builder_version=&#8221;4.10.5&#8243; _module_preset=&#8221;default&#8221; global_colors_info=&#8221;{}&#8221;][et_pb_text _builder_version=&#8221;4.10.5&#8243; _module_preset=&#8221;default&#8221; header_font=&#8221;Poppins|800|on||||||&#8221; header_3_font=&#8221;Poppins||||||||&#8221; header_3_text_color=&#8221;#E02B20&#8243; header_3_font_size=&#8221;15px&#8221; header_5_font=&#8221;Poppins|600|on||||||&#8221; header_5_text_color=&#8221;#0C71C3&#8243; global_colors_info=&#8221;{}&#8221;]<\/p>\n<h1 style=\"text-align: left;\">PANOU BILLBOARD 10.\u00a0<\/h1>\n<h5 style=\"text-align: left;\">Strada Beclean, la ie\u0219irea din ora\u0219<br \/>(Odorheiu Secuiesc)<\/h5>\n<h3>De \u00eenchiriat: Ocupat<em><\/em><em><\/em><\/h3>\n<p>[\/et_pb_text][wdcl_image_carousel autoplay_speed=&#8221;1500ms&#8221; use_lightbox=&#8221;on&#8221; _builder_version=&#8221;4.10.5&#8243; _module_preset=&#8221;default&#8221; global_colors_info=&#8221;{}&#8221;][wdcl_image_carousel_child photo=&#8221;http:\/\/cool-media.ro\/wp-content\/uploads\/2021\/09\/Bethlenfalva-csikszerda04.jpg&#8221; _builder_version=&#8221;4.10.5&#8243; _module_preset=&#8221;default&#8221; global_colors_info=&#8221;{}&#8221;][\/wdcl_image_carousel_child][wdcl_image_carousel_child photo=&#8221;http:\/\/cool-media.ro\/wp-content\/uploads\/2021\/09\/Bethlenfalva-csikszerda03.jpg&#8221; _builder_version=&#8221;4.10.5&#8243; _module_preset=&#8221;default&#8221; global_colors_info=&#8221;{}&#8221;][\/wdcl_image_carousel_child][wdcl_image_carousel_child photo=&#8221;http:\/\/cool-media.ro\/wp-content\/uploads\/2021\/09\/Bethlenfalva-csikszerda02.jpg&#8221; _builder_version=&#8221;4.10.5&#8243; _module_preset=&#8221;default&#8221; global_colors_info=&#8221;{}&#8221;][\/wdcl_image_carousel_child][wdcl_image_carousel_child photo=&#8221;http:\/\/cool-media.ro\/wp-content\/uploads\/2021\/09\/Bethlenfalva-csikszerda01.jpg&#8221; _builder_version=&#8221;4.10.5&#8243; _module_preset=&#8221;default&#8221; global_colors_info=&#8221;{}&#8221;][\/wdcl_image_carousel_child][\/wdcl_image_carousel][et_pb_text _builder_version=&#8221;4.10.5&#8243; _module_preset=&#8221;default&#8221; text_font=&#8221;Poppins||||||||&#8221; text_text_color=&#8221;#000000&#8243; global_colors_info=&#8221;{}&#8221;]<\/p>\n<p>Date tehnice:<br \/>\u2022 Dimensiuni: 500\u00d7250\u00a0\u00a0<br \/>\u2022 Spa\u021biu publicitar BILLBOARD de \u00eenchiriat<\/p>\n<p>Spa\u021biu publicitar la ie\u0219irea din ora\u0219 spre Miercurea Ciuc.\u00a0 \u00a0 \u00a0<\/p>\n<p>&nbsp;<\/p>\n<p>[\/et_pb_text][\/et_pb_column][et_pb_column type=&#8221;2_5&#8243; _builder_version=&#8221;4.10.5&#8243; _module_preset=&#8221;default&#8221; global_colors_info=&#8221;{}&#8221;][et_pb_code _builder_version=&#8221;4.10.5&#8243; _module_preset=&#8221;default&#8221; global_colors_info=&#8221;{}&#8221;]<iframe src=\"https:\/\/www.google.com\/maps\/embed?pb=!4v1632630758761!6m8!1m7!1sKhHsIjw4oLKyxJ7Avzf9Wg!2m2!1d46.33158064513729!2d25.33568563139352!3f82.69073237965308!4f2.3836344163154024!5f0.7820865974627469\" width=\"100%\" height=\"450\" style=\"border:0;\" allowfullscreen=\"\" loading=\"lazy\"><\/iframe>[\/et_pb_code][\/et_pb_column][\/et_pb_row][et_pb_row column_structure=&#8221;3_5,2_5&#8243; _builder_version=&#8221;4.10.5&#8243; _module_preset=&#8221;default&#8221; global_colors_info=&#8221;{}&#8221;][et_pb_column type=&#8221;3_5&#8243; _builder_version=&#8221;4.10.5&#8243; _module_preset=&#8221;default&#8221; global_colors_info=&#8221;{}&#8221;][et_pb_text _builder_version=&#8221;4.10.5&#8243; _module_preset=&#8221;default&#8221; header_font=&#8221;Poppins|800|on||||||&#8221; header_3_font=&#8221;Poppins||||||||&#8221; header_3_text_color=&#8221;#E02B20&#8243; header_3_font_size=&#8221;15px&#8221; header_5_font=&#8221;Poppins|600|on||||||&#8221; header_5_text_color=&#8221;#0C71C3&#8243; global_colors_info=&#8221;{}&#8221;]<\/p>\n<h1 style=\"text-align: left;\">PANOU BILLBOARD 11.\u00a0<\/h1>\n<h5 style=\"text-align: left;\">Strada Beclean, la Kaufland<br \/>(Odorheiu Secuiesc)<\/h5>\n<h3>De \u00eenchiriat: Ocupat<em><\/em><em><\/em><\/h3>\n<p>[\/et_pb_text][wdcl_image_carousel autoplay_speed=&#8221;1500ms&#8221; use_lightbox=&#8221;on&#8221; _builder_version=&#8221;4.10.5&#8243; _module_preset=&#8221;default&#8221; global_colors_info=&#8221;{}&#8221;][wdcl_image_carousel_child photo=&#8221;http:\/\/cool-media.ro\/wp-content\/uploads\/2021\/09\/kauf04.jpg&#8221; _builder_version=&#8221;4.10.5&#8243; _module_preset=&#8221;default&#8221; global_colors_info=&#8221;{}&#8221;][\/wdcl_image_carousel_child][wdcl_image_carousel_child photo=&#8221;http:\/\/cool-media.ro\/wp-content\/uploads\/2021\/09\/kauf03.jpg&#8221; _builder_version=&#8221;4.10.5&#8243; _module_preset=&#8221;default&#8221; global_colors_info=&#8221;{}&#8221;][\/wdcl_image_carousel_child][wdcl_image_carousel_child photo=&#8221;http:\/\/cool-media.ro\/wp-content\/uploads\/2021\/09\/kauf02.jpg&#8221; _builder_version=&#8221;4.10.5&#8243; _module_preset=&#8221;default&#8221; global_colors_info=&#8221;{}&#8221;][\/wdcl_image_carousel_child][wdcl_image_carousel_child photo=&#8221;http:\/\/cool-media.ro\/wp-content\/uploads\/2021\/09\/kauf01.jpg&#8221; _builder_version=&#8221;4.10.5&#8243; _module_preset=&#8221;default&#8221; global_colors_info=&#8221;{}&#8221;][\/wdcl_image_carousel_child][\/wdcl_image_carousel][et_pb_text _builder_version=&#8221;4.10.5&#8243; _module_preset=&#8221;default&#8221; text_font=&#8221;Poppins||||||||&#8221; text_text_color=&#8221;#000000&#8243; global_colors_info=&#8221;{}&#8221;]<\/p>\n<p>Date tehnice:<br \/>\u2022 Dimensiuni: 250\u00d7300\u00a0\u00a0<br \/>\u2022 Spa\u021biu publicitar BILLBOARD de \u00eenchiriat<\/p>\n<p>\u00cenaint\u00e2nd din direc\u021bia benzin\u0103riei Mol spre centru, aceasta este situat\u0103 \u00een apropierea Kaufland \u0219i Lidl.\u00a0 \u00a0 \u00a0<\/p>\n<p>&nbsp;<\/p>\n<p>[\/et_pb_text][\/et_pb_column][et_pb_column type=&#8221;2_5&#8243; _builder_version=&#8221;4.10.5&#8243; _module_preset=&#8221;default&#8221; global_colors_info=&#8221;{}&#8221;][et_pb_code _builder_version=&#8221;4.10.5&#8243; _module_preset=&#8221;default&#8221; global_colors_info=&#8221;{}&#8221;]<iframe src=\"https:\/\/www.google.com\/maps\/embed?pb=!4v1632631607386!6m8!1m7!1sExtXnjSHU9oWx4KIjAq5HA!2m2!1d46.31253048727837!2d25.304410746122!3f242.4176404273484!4f4.20867581949517!5f1.495095622919226\" width=\"100%\" height=\"450\" style=\"border:0;\" allowfullscreen=\"\" loading=\"lazy\"><\/iframe>[\/et_pb_code][\/et_pb_column][\/et_pb_row][et_pb_row column_structure=&#8221;1_5,1_5,1_5,1_5,1_5&#8243; make_equal=&#8221;on&#8221; _builder_version=&#8221;4.10.5&#8243; _module_preset=&#8221;default&#8221; global_colors_info=&#8221;{}&#8221;][et_pb_column type=&#8221;1_5&#8243; _builder_version=&#8221;4.10.5&#8243; _module_preset=&#8221;default&#8221; global_colors_info=&#8221;{}&#8221;][et_pb_button button_url=&#8221;\/spatii-publicitare-a0&#8243; button_text=&#8221;OSZLOPOS PAN\u00d3K SZ\u00c9KELYUDVARHELY&#8221; button_alignment=&#8221;center&#8221; _builder_version=&#8221;4.10.5&#8243; _module_preset=&#8221;default&#8221; custom_button=&#8221;on&#8221; button_text_size=&#8221;15px&#8221; button_text_color=&#8221;#FFFFFF&#8221; button_bg_color=&#8221;#E09900&#8243; button_border_color=&#8221;#fcc500&#8243; button_font=&#8221;Poppins|800|||||||&#8221; background_layout=&#8221;dark&#8221; global_colors_info=&#8221;{}&#8221;][\/et_pb_button][\/et_pb_column][et_pb_column type=&#8221;1_5&#8243; _builder_version=&#8221;4.10.5&#8243; _module_preset=&#8221;default&#8221; global_colors_info=&#8221;{}&#8221;][et_pb_button button_url=&#8221;\/cristurusecuiesc&#8221; button_text=&#8221;SZ\u00c9KELYKERESZT\u00daRI REKL\u00c1MFEL\u00dcLETEK&#8221; button_alignment=&#8221;center&#8221; _builder_version=&#8221;4.10.5&#8243; _module_preset=&#8221;default&#8221; custom_button=&#8221;on&#8221; button_text_size=&#8221;15px&#8221; button_text_color=&#8221;#FFFFFF&#8221; button_bg_color=&#8221;#00bc9d&#8221; button_border_color=&#8221;#099e85&#8243; button_font=&#8221;Poppins|800|||||||&#8221; background_layout=&#8221;dark&#8221; global_colors_info=&#8221;{}&#8221;][\/et_pb_button][\/et_pb_column][et_pb_column type=&#8221;1_5&#8243; _builder_version=&#8221;4.10.5&#8243; _module_preset=&#8221;default&#8221; global_colors_info=&#8221;{}&#8221;][et_pb_button button_url=&#8221;\/sibiu-2&#8243; button_text=&#8221;SZEBEN MEGYEI REKL\u00c1MFEL\u00dcLETEK&#8221; button_alignment=&#8221;center&#8221; _builder_version=&#8221;4.10.5&#8243; _module_preset=&#8221;default&#8221; custom_button=&#8221;on&#8221; button_text_size=&#8221;15px&#8221; button_text_color=&#8221;#FFFFFF&#8221; button_bg_color=&#8221;#00a4ba&#8221; button_border_color=&#8221;#00c7ea&#8221; button_font=&#8221;Poppins|800|||||||&#8221; background_layout=&#8221;dark&#8221; global_colors_info=&#8221;{}&#8221;][\/et_pb_button][\/et_pb_column][et_pb_column type=&#8221;1_5&#8243; _builder_version=&#8221;4.10.5&#8243; _module_preset=&#8221;default&#8221; global_colors_info=&#8221;{}&#8221;][et_pb_button button_text=&#8221;MAROS MEGYEI REKL\u00c1MFEL\u00dcLETEK&#8221; button_alignment=&#8221;center&#8221; _builder_version=&#8221;4.10.5&#8243; _module_preset=&#8221;default&#8221; custom_button=&#8221;on&#8221; button_text_size=&#8221;15px&#8221; button_text_color=&#8221;#FFFFFF&#8221; button_bg_color=&#8221;#ed0056&#8243; button_border_color=&#8221;#f762aa&#8221; button_font=&#8221;Poppins|800|||||||&#8221; background_layout=&#8221;dark&#8221; global_colors_info=&#8221;{}&#8221;][\/et_pb_button][\/et_pb_column][et_pb_column type=&#8221;1_5&#8243; _builder_version=&#8221;4.10.5&#8243; _module_preset=&#8221;default&#8221; global_colors_info=&#8221;{}&#8221;][et_pb_button button_url=&#8221;\/mciuc&#8221; button_text=&#8221;CS\u00cdKSZEREDAI REKL\u00c1MFEL\u00dcLETEK&#8221; button_alignment=&#8221;center&#8221; _builder_version=&#8221;4.10.5&#8243; _module_preset=&#8221;default&#8221; custom_button=&#8221;on&#8221; button_text_size=&#8221;15px&#8221; button_text_color=&#8221;#FFFFFF&#8221; button_bg_color=&#8221;#0C71C3&#8243; button_border_color=&#8221;#5b9ce5&#8243; button_font=&#8221;Poppins|800|||||||&#8221; background_layout=&#8221;dark&#8221; global_colors_info=&#8221;{}&#8221;][\/et_pb_button][\/et_pb_column][\/et_pb_row][\/et_pb_section]<\/p>","protected":false},"excerpt":{"rendered":"<p>\u00d3ri\u00e1s fel\u00fcletek Sz\u00e9kelyudvarhelyPRIZMA \u00d3RI\u00c1S 1. Bethlen G\u00e1bor utca 72. &#8211; K\u00d6ZPONTI Z\u00d3NA(Sz\u00e9kelyudvarhely) B\u00e9relhet\u0151: Azonnal<div class=\"et_pb_module wdcl_image_carousel wdcl_image_carousel_0\">\n\t\t\t\t\n\t\t\t\t\n\t\t\t\t\n\t\t\t\t\n\t\t\t\t\n\t\t\t\t\n\t\t\t\t<div class=\"et_pb_module_inner\">\n\t\t\t\t\t<div dir=\"ltr\" class=\"dcm-container dcm-carousel-maker dcm-lightbox-enabled\" data-pagi=\"false\"\n\t\t\tdata-pagi-tablet=\"false\"\n\t\t\tdata-pagi-phone=\"false\"\n\t\t\tdata-nav=\"true\"\n\t\t\tdata-nav-tablet=\"true\"\n\t\t\tdata-nav-phone=\"true\"\n\t\t\tdata-autoplay=\"on\"\n\t\t\tdata-autoplay-speed=\"1500ms\"\n\t\t\tdata-speed=\"700ms\"\n\t\t\tdata-slides=\"3\"\n\t\t\tdata-slides-tablet=\"3\"\n\t\t\tdata-slides-phone=\"3\"\n\t\t\tdata-center=\"off\"\n\t\t\tdata-center-mode-type=\"classic\"\n\t\t\tdata-center-padding=\"70px||\"\n\t\t\tdata-vertical=\"off\"\n\t\t\tdata-icon-left=\"4\"\n\t\t\tdata-icon-right=\"5\"\n\t\t\tdata-infinite=\"on\"\n\t\t\tdata-variable-width=\"off\"\n\t\t\tdata-auto-height=\"off\"\n\t\t\tdata-items-scroll=\"1||\"\n\t\t\tdata-fade=\"off\"\n\t\t\tdata-dir=\"ltr\">\n                <div class=\"wdcl_image_carousel_child wdcl_image_carousel_child_0 wdc_et_pb_module\">\n\t\t\t\t\n\t\t\t\t\n\t\t\t\t\n\t\t\t\t\n\t\t\t\t\n\t\t\t\t\n\t\t\t\t<div class=\"et_pb_module_inner\">\n\t\t\t\t\t<div class=\"dcm-carousel-item dcm-image-swap dcm-hover--zoom-in\">\n\t\t\t\t<figure class=\"dcm-lightbox-ctrl\">\n\t\t\t\t<div class=\"dcm-overlay\" data-icon=\"\"><\/div>\n\t\t\t\t<img decoding=\"async\" class=\"dcm-main-img\" data-mfp-src=\"http:\/\/cool-media.ro\/wp-content\/uploads\/2021\/09\/Rend05.jpg\" src=\"http:\/\/cool-media.ro\/wp-content\/uploads\/2021\/09\/Rend05.jpg\" alt=\"\"\/>\n            <\/figure> \n\t\t\t<\/div>\n\t\t\t\t<\/div>\n\t\t\t<\/div><div class=\"wdcl_image_carousel_child wdcl_image_carousel_child_1 wdc_et_pb_module\">\n\t\t\t\t\n\t\t\t\t\n\t\t\t\t\n\t\t\t\t\n\t\t\t\t\n\t\t\t\t\n\t\t\t\t<div class=\"et_pb_module_inner\">\n\t\t\t\t\t<div class=\"dcm-carousel-item dcm-image-swap dcm-hover--none\">\n\t\t\t\t<figure class=\"dcm-lightbox-ctrl\">\n\t\t\t\t<div class=\"dcm-overlay\" data-icon=\"\"><\/div>\n\t\t\t\t<img decoding=\"async\" class=\"dcm-main-img\" data-mfp-src=\"http:\/\/cool-media.ro\/wp-content\/uploads\/2021\/09\/Rend04.jpg\" src=\"http:\/\/cool-media.ro\/wp-content\/uploads\/2021\/09\/Rend04.jpg\" alt=\"\"\/>\n            <\/figure> \n\t\t\t<\/div>\n\t\t\t\t<\/div>\n\t\t\t<\/div><div class=\"wdcl_image_carousel_child wdcl_image_carousel_child_2 wdc_et_pb_module\">\n\t\t\t\t\n\t\t\t\t\n\t\t\t\t\n\t\t\t\t\n\t\t\t\t\n\t\t\t\t\n\t\t\t\t<div class=\"et_pb_module_inner\">\n\t\t\t\t\t<div class=\"dcm-carousel-item dcm-image-swap dcm-hover--none\">\n\t\t\t\t<figure class=\"dcm-lightbox-ctrl\">\n\t\t\t\t<div class=\"dcm-overlay\" data-icon=\"\"><\/div>\n\t\t\t\t<img decoding=\"async\" class=\"dcm-main-img\" data-mfp-src=\"http:\/\/cool-media.ro\/wp-content\/uploads\/2021\/09\/Rend03.jpg\" src=\"http:\/\/cool-media.ro\/wp-content\/uploads\/2021\/09\/Rend03.jpg\" alt=\"\"\/>\n            <\/figure> \n\t\t\t<\/div>\n\t\t\t\t<\/div>\n\t\t\t<\/div><div class=\"wdcl_image_carousel_child wdcl_image_carousel_child_3 wdc_et_pb_module\">\n\t\t\t\t\n\t\t\t\t\n\t\t\t\t\n\t\t\t\t\n\t\t\t\t\n\t\t\t\t\n\t\t\t\t<div class=\"et_pb_module_inner\">\n\t\t\t\t\t<div class=\"dcm-carousel-item dcm-image-swap dcm-hover--none\">\n\t\t\t\t<figure class=\"dcm-lightbox-ctrl\">\n\t\t\t\t<div class=\"dcm-overlay\" data-icon=\"\"><\/div>\n\t\t\t\t<img decoding=\"async\" class=\"dcm-main-img\" data-mfp-src=\"http:\/\/cool-media.ro\/wp-content\/uploads\/2021\/09\/Rend02.jpg\" src=\"http:\/\/cool-media.ro\/wp-content\/uploads\/2021\/09\/Rend02.jpg\" alt=\"\"\/>\n            <\/figure> \n\t\t\t<\/div>\n\t\t\t\t<\/div>\n\t\t\t<\/div><div class=\"wdcl_image_carousel_child wdcl_image_carousel_child_4 wdc_et_pb_module\">\n\t\t\t\t\n\t\t\t\t\n\t\t\t\t\n\t\t\t\t\n\t\t\t\t\n\t\t\t\t\n\t\t\t\t<div class=\"et_pb_module_inner\">\n\t\t\t\t\t<div class=\"dcm-carousel-item dcm-image-swap dcm-hover--none\">\n\t\t\t\t<figure class=\"dcm-lightbox-ctrl\">\n\t\t\t\t<div class=\"dcm-overlay\" data-icon=\"\"><\/div>\n\t\t\t\t<img decoding=\"async\" class=\"dcm-main-img\" data-mfp-src=\"http:\/\/cool-media.ro\/wp-content\/uploads\/2021\/09\/Rend01.jpg\" src=\"http:\/\/cool-media.ro\/wp-content\/uploads\/2021\/09\/Rend01.jpg\" alt=\"\"\/>\n            <\/figure> \n\t\t\t<\/div>\n\t\t\t\t<\/div>\n\t\t\t<\/div>\n            <\/div>\n\t\t\t\t<\/div>\n\t\t\t<\/div>Technikai adatok:\u2022 M\u00e9ret: 505 X 250 cm\u2022 B\u00e9relhet\u0151 prizma rekl\u00e1mt\u00e1bla, h\u00e1rom oldal\u00fa forg\u00f3 rekl\u00e1mfel\u00fclet A sz\u00e9kelyudvarhelyi [&hellip;]<\/p>","protected":false},"author":1,"featured_media":0,"parent":0,"menu_order":0,"comment_status":"closed","ping_status":"closed","template":"","meta":{"_et_pb_use_builder":"on","_et_pb_old_content":"","_et_gb_content_width":"","footnotes":""},"class_list":["post-302","page","type-page","status-publish","hentry"],"_links":{"self":[{"href":"https:\/\/cool-media.ro\/ro\/wp-json\/wp\/v2\/pages\/302","targetHints":{"allow":["GET"]}}],"collection":[{"href":"https:\/\/cool-media.ro\/ro\/wp-json\/wp\/v2\/pages"}],"about":[{"href":"https:\/\/cool-media.ro\/ro\/wp-json\/wp\/v2\/types\/page"}],"author":[{"embeddable":true,"href":"https:\/\/cool-media.ro\/ro\/wp-json\/wp\/v2\/users\/1"}],"replies":[{"embeddable":true,"href":"https:\/\/cool-media.ro\/ro\/wp-json\/wp\/v2\/comments?post=302"}],"version-history":[{"count":48,"href":"https:\/\/cool-media.ro\/ro\/wp-json\/wp\/v2\/pages\/302\/revisions"}],"predecessor-version":[{"id":813,"href":"https:\/\/cool-media.ro\/ro\/wp-json\/wp\/v2\/pages\/302\/revisions\/813"}],"wp:attachment":[{"href":"https:\/\/cool-media.ro\/ro\/wp-json\/wp\/v2\/media?parent=302"}],"curies":[{"name":"wp","href":"https:\/\/api.w.org\/{rel}","templated":true}]}}